{"id":147,"date":"2022-08-26T12:15:15","date_gmt":"2022-08-26T10:15:15","guid":{"rendered":"https:\/\/www.tunecare.eu\/?page_id=147"},"modified":"2022-08-26T15:33:08","modified_gmt":"2022-08-26T13:33:08","slug":"homepage-2022-english-1","status":"publish","type":"page","link":"https:\/\/www.tunecare.eu\/?page_id=147","title":{"rendered":"Home TR"},"content":{"rendered":"\n<div class=\"wp-block-cover alignfull is-light\" style=\"min-height:835px;aspect-ratio:unset;\"><span aria-hidden=\"true\" class=\"wp-block-cover__background has-background-dim-40 has-background-dim\" style=\"background-color:#000000\"><\/span><img loading=\"lazy\" decoding=\"async\" width=\"1707\" height=\"2560\" class=\"wp-block-cover__image-background wp-image-53\" alt=\"\" src=\"https:\/\/www.tunecare.eu\/wp-content\/uploads\/2022\/08\/pexels-marcus-aurelius-4063918-scaled.jpg\" style=\"object-position:52% 77%\" data-object-fit=\"cover\" data-object-position=\"52% 77%\" srcset=\"https:\/\/www.tunecare.eu\/wp-content\/uploads\/2022\/08\/pexels-marcus-aurelius-4063918-scaled.jpg 1707w, https:\/\/www.tunecare.eu\/wp-content\/uploads\/2022\/08\/pexels-marcus-aurelius-4063918-200x300.jpg 200w, https:\/\/www.tunecare.eu\/wp-content\/uploads\/2022\/08\/pexels-marcus-aurelius-4063918-683x1024.jpg 683w, https:\/\/www.tunecare.eu\/wp-content\/uploads\/2022\/08\/pexels-marcus-aurelius-4063918-768x1152.jpg 768w, https:\/\/www.tunecare.eu\/wp-content\/uploads\/2022\/08\/pexels-marcus-aurelius-4063918-1024x1536.jpg 1024w, https:\/\/www.tunecare.eu\/wp-content\/uploads\/2022\/08\/pexels-marcus-aurelius-4063918-1365x2048.jpg 1365w\" sizes=\"(max-width: 1707px) 100vw, 1707px\" \/><div class=\"wp-block-cover__inner-container is-layout-flow wp-block-cover-is-layout-flow\">\n<div class=\"wp-block-columns alignwide is-layout-flex wp-container-core-columns-is-layout-1 wp-block-columns-is-layout-flex\">\n<div class=\"wp-block-column is-layout-flow wp-block-column-is-layout-flow\" style=\"flex-basis:60%\">\n<h3 class=\"has-text-color wp-block-heading\" style=\"color:#ffffff;font-size:50px\"><strong><span style=\"text-decoration: underline;\">Eri\u015filebilirlik<\/span>, ya\u015fl\u0131 ve engellilerin, toplumun bir par\u00e7as\u0131 olabilmeleri i\u00e7in anahtar kelimedir<\/strong><\/h3>\n<\/div>\n<\/div>\n<\/div><\/div>\n\n\n\n<div style=\"height:119px\" aria-hidden=\"true\" class=\"wp-block-spacer\"><\/div>\n\n\n\n<div class=\"wp-block-group\"><div class=\"wp-block-group__inner-container is-layout-flow wp-block-group-is-layout-flow\">\n<div class=\"wp-block-group is-nowrap is-layout-flex wp-container-core-group-is-layout-1 wp-block-group-is-layout-flex\">\n<div class=\"wp-block-columns is-layout-flex wp-container-core-columns-is-layout-2 wp-block-columns-is-layout-flex\">\n<div class=\"wp-block-column is-layout-flow wp-block-column-is-layout-flow\" style=\"flex-basis:33.33%\">\n<div style=\"height:3px\" aria-hidden=\"true\" class=\"wp-block-spacer\"><\/div>\n\n\n\n<figure class=\"wp-block-image size-full\"><a href=\"https:\/\/www.tunecare.eu\/wp-content\/uploads\/2022\/08\/Logo-2022-full-color.png\"><img loading=\"lazy\" decoding=\"async\" width=\"700\" height=\"138\" src=\"https:\/\/www.tunecare.eu\/wp-content\/uploads\/2022\/08\/Logo-2022-full-color.png\" alt=\"\" class=\"wp-image-55\" srcset=\"https:\/\/www.tunecare.eu\/wp-content\/uploads\/2022\/08\/Logo-2022-full-color.png 700w, https:\/\/www.tunecare.eu\/wp-content\/uploads\/2022\/08\/Logo-2022-full-color-300x59.png 300w\" sizes=\"(max-width: 700px) 100vw, 700px\" \/><\/a><\/figure>\n<\/div>\n\n\n\n<div class=\"wp-block-column is-layout-flow wp-block-column-is-layout-flow\" style=\"flex-basis:66.66%\">\n<p class=\"has-medium-font-size\">sa\u011fl\u0131k ve bak\u0131m konusunda geni\u015f bilgi ve deneyimiyle, mimar\u00ee tasar\u0131m, proje geli\u015ftirme, personel e\u011fitimi ve \u00f6\u011fretimi alanlar\u0131nda en uygun \u00e7\u00f6z\u00fcmleri sunarken, birinci s\u0131n\u0131f s\u00fcrd\u00fcr\u00fclebilir ve ekolojik konseptler geli\u015ftirmektedir.<\/p>\n<\/div>\n<\/div>\n<\/div>\n<\/div><\/div>\n\n\n\n<div style=\"height:68px\" aria-hidden=\"true\" class=\"wp-block-spacer\"><\/div>\n\n\n\n<div class=\"wp-block-columns is-layout-flex wp-container-core-columns-is-layout-3 wp-block-columns-is-layout-flex\">\n<div class=\"wp-block-column is-layout-flow wp-block-column-is-layout-flow\">\n<figure class=\"wp-block-image size-large\"><img loading=\"lazy\" decoding=\"async\" width=\"683\" height=\"1024\" src=\"https:\/\/www.tunecare.eu\/wp-content\/uploads\/2022\/08\/pexels-kampus-production-7551678-1-683x1024.jpg\" alt=\"\" class=\"wp-image-67\" srcset=\"https:\/\/www.tunecare.eu\/wp-content\/uploads\/2022\/08\/pexels-kampus-production-7551678-1-683x1024.jpg 683w, https:\/\/www.tunecare.eu\/wp-content\/uploads\/2022\/08\/pexels-kampus-production-7551678-1-200x300.jpg 200w, https:\/\/www.tunecare.eu\/wp-content\/uploads\/2022\/08\/pexels-kampus-production-7551678-1-768x1152.jpg 768w, https:\/\/www.tunecare.eu\/wp-content\/uploads\/2022\/08\/pexels-kampus-production-7551678-1-1024x1536.jpg 1024w, https:\/\/www.tunecare.eu\/wp-content\/uploads\/2022\/08\/pexels-kampus-production-7551678-1-1366x2048.jpg 1366w, https:\/\/www.tunecare.eu\/wp-content\/uploads\/2022\/08\/pexels-kampus-production-7551678-1-scaled.jpg 1707w\" sizes=\"(max-width: 683px) 100vw, 683px\" \/><\/figure>\n\n\n\n<p class=\"has-text-color\" style=\"color:#c11818;font-size:18px\"><strong>About<\/strong>\/Hakk\u0131nda<\/p>\n\n\n\n<p style=\"font-size:14px\">TuneCare is a daughter foundation of Kokon Architecture &amp; Urban Design. Kokon, 80 y\u0131ll\u0131k gelene\u011fi ile Rotterdam\u2019\u0131n k\u00f6kl\u00fc, kurumsalla\u015fm\u0131\u015f ve tan\u0131nm\u0131\u015f b\u00fcrolar\u0131ndan bir tanesidir. Kuruldu\u011fu 1930\u2019lu y\u0131llardan beri say\u0131s\u0131z konut, sa\u011fl\u0131k ve ticar\u00ee yap\u0131lar\u0131, al\u0131\u015fveri\u015f merkezleri ve ofis gibi \u00e7e\u015fitli projeye imza atm\u0131\u015ft\u0131r. Ger\u00e7ekle\u015ftirdi\u011fi projelerde insan \u00f6l\u00e7e\u011fini, fiziksel ve zihinsel k\u0131s\u0131tlamalar s\u00f6z konusu oldu\u011funda ise bireyin ya\u015fam kalitesini \u00f6n planda tutan Kokon\u2019un i\u015fverenleri toplu konut idareleri, m\u00fcteahhitler, proje geli\u015ftirenler, belediye ve sa\u011fl\u0131k kurulu\u015flar\u0131d\u0131r.<\/p>\n<\/div>\n\n\n\n<div class=\"wp-block-column is-layout-flow wp-block-column-is-layout-flow\">\n<div style=\"height:36px\" aria-hidden=\"true\" class=\"wp-block-spacer\"><\/div>\n\n\n\n<p class=\"has-text-color\" style=\"color:#c11818;font-size:18px\"><strong>Mission<\/strong>\/Misyonumuz<\/p>\n\n\n\n<p style=\"font-size:14px\"><strong>TuneCare<\/strong> olarak, m\u00fc\u015fterilerimizin daha etkin ve verimli bir \u015fekilde ya\u015famlar\u0131n\u0131 s\u00fcrd\u00fcrmeleri i\u00e7in, kar\u015f\u0131la\u015ft\u0131klar\u0131 engelleri ortadan kald\u0131ran tesisler geli\u015ftirerek, daha fazla bak\u0131m hizmetlerinin kendilerine ula\u015fmas\u0131n\u0131n sa\u011flanmas\u0131 i\u00e7in \u00e7al\u0131\u015f\u0131r\u0131z. Hedefimiz m\u00fc\u015fterilerimizin ger\u00e7ek bir yuvaya sahip olmas\u0131d\u0131r. Tasarlay\u0131p geli\u015ftirdi\u011fimiz sa\u011fl\u0131k ve bak\u0131m sitelerimiz, ya\u015fl\u0131 ve engellilerin arkada\u015f ve ailelerinin ya\u015fad\u0131\u011f\u0131 muhitler taraf\u0131ndan \u00e7evrilmi\u015f bir alanda bulunup, normal konutlar\u0131n t\u00fcm niteliklerine sahiptir.<\/p>\n\n\n\n<div style=\"height:10px\" aria-hidden=\"true\" class=\"wp-block-spacer\"><\/div>\n\n\n\n<figure class=\"wp-block-image size-large is-resized\"><img loading=\"lazy\" decoding=\"async\" src=\"https:\/\/www.tunecare.eu\/wp-content\/uploads\/2022\/08\/pexels-ivan-samkov-8127440-683x1024.jpg\" alt=\"\" class=\"wp-image-63\" width=\"569\" height=\"853\" srcset=\"https:\/\/www.tunecare.eu\/wp-content\/uploads\/2022\/08\/pexels-ivan-samkov-8127440-683x1024.jpg 683w, https:\/\/www.tunecare.eu\/wp-content\/uploads\/2022\/08\/pexels-ivan-samkov-8127440-200x300.jpg 200w, https:\/\/www.tunecare.eu\/wp-content\/uploads\/2022\/08\/pexels-ivan-samkov-8127440-768x1151.jpg 768w, https:\/\/www.tunecare.eu\/wp-content\/uploads\/2022\/08\/pexels-ivan-samkov-8127440-1024x1536.jpg 1024w, https:\/\/www.tunecare.eu\/wp-content\/uploads\/2022\/08\/pexels-ivan-samkov-8127440-1366x2048.jpg 1366w, https:\/\/www.tunecare.eu\/wp-content\/uploads\/2022\/08\/pexels-ivan-samkov-8127440-scaled.jpg 1707w\" sizes=\"(max-width: 569px) 100vw, 569px\" \/><\/figure>\n<\/div>\n<\/div>\n\n\n\n<div style=\"height:4px\" aria-hidden=\"true\" class=\"wp-block-spacer\"><\/div>\n\n\n\n<div style=\"height:64px\" aria-hidden=\"true\" class=\"wp-block-spacer\"><\/div>\n\n\n\n<h4 class=\"has-text-align-center has-text-color has-large-font-size wp-block-heading\" style=\"color:#c11818;font-style:normal;font-weight:600\">Associated projects\/ \u0130li\u015fkili projeler<\/h4>\n\n\n\n<figure class=\"wp-block-gallery has-nested-images columns-default is-cropped wp-block-gallery-1 is-layout-flex wp-block-gallery-is-layout-flex\">\n<figure class=\"wp-block-image size-large\"><a href=\"https:\/\/www.kokon.nl\/en\/projects\/adiyaman\" target=\"_blank\" rel=\"noreferrer noopener\"><img loading=\"lazy\" decoding=\"async\" width=\"1024\" height=\"576\" data-id=\"78\" src=\"https:\/\/www.tunecare.eu\/wp-content\/uploads\/2022\/08\/Adiyaman-1-1024x576.jpg\" alt=\"\" class=\"wp-image-78\" srcset=\"https:\/\/www.tunecare.eu\/wp-content\/uploads\/2022\/08\/Adiyaman-1-1024x576.jpg 1024w, https:\/\/www.tunecare.eu\/wp-content\/uploads\/2022\/08\/Adiyaman-1-300x169.jpg 300w, https:\/\/www.tunecare.eu\/wp-content\/uploads\/2022\/08\/Adiyaman-1-768x432.jpg 768w, https:\/\/www.tunecare.eu\/wp-content\/uploads\/2022\/08\/Adiyaman-1-1536x864.jpg 1536w, https:\/\/www.tunecare.eu\/wp-content\/uploads\/2022\/08\/Adiyaman-1.jpg 1920w\" sizes=\"(max-width: 1024px) 100vw, 1024px\" \/><\/a><figcaption>Care facility for war veterans and people with a physical disability in Adiyaman, T\u00fcrkiye.<\/figcaption><\/figure>\n\n\n\n<figure class=\"wp-block-image size-large\"><a href=\"https:\/\/www.kokon.nl\/en\/projects\/urban-plan-kurfall\" target=\"_blank\" rel=\"noreferrer noopener\"><img loading=\"lazy\" decoding=\"async\" width=\"1024\" height=\"724\" data-id=\"80\" src=\"https:\/\/www.tunecare.eu\/wp-content\/uploads\/2022\/08\/Kurfalli-1024x724.jpg\" alt=\"\" class=\"wp-image-80\" srcset=\"https:\/\/www.tunecare.eu\/wp-content\/uploads\/2022\/08\/Kurfalli-1024x724.jpg 1024w, https:\/\/www.tunecare.eu\/wp-content\/uploads\/2022\/08\/Kurfalli-300x212.jpg 300w, https:\/\/www.tunecare.eu\/wp-content\/uploads\/2022\/08\/Kurfalli-768x543.jpg 768w, https:\/\/www.tunecare.eu\/wp-content\/uploads\/2022\/08\/Kurfalli-1536x1086.jpg 1536w, https:\/\/www.tunecare.eu\/wp-content\/uploads\/2022\/08\/Kurfalli.jpg 1920w\" sizes=\"(max-width: 1024px) 100vw, 1024px\" \/><\/a><figcaption>Urban plan for the care and housing of elderly with care requirements, in Kurfall\u0131, Istanbul.<\/figcaption><\/figure>\n\n\n\n<figure class=\"wp-block-image size-large\"><a href=\"https:\/\/www.kokon.nl\/en\/projects\/swetterhage-activity-center\" target=\"_blank\" rel=\"noreferrer noopener\"><img loading=\"lazy\" decoding=\"async\" width=\"1024\" height=\"576\" data-id=\"79\" src=\"https:\/\/www.tunecare.eu\/wp-content\/uploads\/2022\/08\/Swetterhage-act-1-1024x576.jpg\" alt=\"\" class=\"wp-image-79\" srcset=\"https:\/\/www.tunecare.eu\/wp-content\/uploads\/2022\/08\/Swetterhage-act-1-1024x576.jpg 1024w, https:\/\/www.tunecare.eu\/wp-content\/uploads\/2022\/08\/Swetterhage-act-1-300x169.jpg 300w, https:\/\/www.tunecare.eu\/wp-content\/uploads\/2022\/08\/Swetterhage-act-1-768x432.jpg 768w, https:\/\/www.tunecare.eu\/wp-content\/uploads\/2022\/08\/Swetterhage-act-1-1536x864.jpg 1536w, https:\/\/www.tunecare.eu\/wp-content\/uploads\/2022\/08\/Swetterhage-act-1-2048x1152.jpg 2048w\" sizes=\"(max-width: 1024px) 100vw, 1024px\" \/><\/a><figcaption>Multifunctional activity- and day care centre for clients of Swetterhage, Netherlands.<\/figcaption><\/figure>\n\n\n\n<figure class=\"wp-block-image size-large\"><a href=\"https:\/\/www.kokon.nl\/en\/projects\/swetterhage-phase-houses\" target=\"_blank\" rel=\"noreferrer noopener\"><img loading=\"lazy\" decoding=\"async\" width=\"1024\" height=\"576\" data-id=\"81\" src=\"https:\/\/www.tunecare.eu\/wp-content\/uploads\/2022\/08\/Swetterhage-woon-1-1024x576.jpg\" alt=\"\" class=\"wp-image-81\" srcset=\"https:\/\/www.tunecare.eu\/wp-content\/uploads\/2022\/08\/Swetterhage-woon-1-1024x576.jpg 1024w, https:\/\/www.tunecare.eu\/wp-content\/uploads\/2022\/08\/Swetterhage-woon-1-300x169.jpg 300w, https:\/\/www.tunecare.eu\/wp-content\/uploads\/2022\/08\/Swetterhage-woon-1-768x432.jpg 768w, https:\/\/www.tunecare.eu\/wp-content\/uploads\/2022\/08\/Swetterhage-woon-1-1536x864.jpg 1536w, https:\/\/www.tunecare.eu\/wp-content\/uploads\/2022\/08\/Swetterhage-woon-1-2048x1152.jpg 2048w\" sizes=\"(max-width: 1024px) 100vw, 1024px\" \/><\/a><figcaption>Housing on Swetterhage, Netherlands, for 72 clients of Gemiva Foundation with an intellectual disability.<\/figcaption><\/figure>\n\n\n\n<figure class=\"wp-block-image size-large\"><a href=\"https:\/\/www.kokon.nl\/en\/projects\/urban-plan-yassren\" target=\"_blank\" rel=\"noreferrer noopener\"><img loading=\"lazy\" decoding=\"async\" width=\"1024\" height=\"747\" data-id=\"77\" src=\"https:\/\/www.tunecare.eu\/wp-content\/uploads\/2022\/08\/Yassioren-1024x747.jpg\" alt=\"\" class=\"wp-image-77\" srcset=\"https:\/\/www.tunecare.eu\/wp-content\/uploads\/2022\/08\/Yassioren-1024x747.jpg 1024w, https:\/\/www.tunecare.eu\/wp-content\/uploads\/2022\/08\/Yassioren-300x219.jpg 300w, https:\/\/www.tunecare.eu\/wp-content\/uploads\/2022\/08\/Yassioren-768x560.jpg 768w, https:\/\/www.tunecare.eu\/wp-content\/uploads\/2022\/08\/Yassioren-1536x1121.jpg 1536w, https:\/\/www.tunecare.eu\/wp-content\/uploads\/2022\/08\/Yassioren.jpg 1920w\" sizes=\"(max-width: 1024px) 100vw, 1024px\" \/><\/a><figcaption>Urban plan with housing and facilities like activity centers, houses of worship, commercial buildings, offices, etc, commissioned by Dar\u00fclaceze (care foundation for elderly, youth and disabled) in Yass\u0131\u00f6ren, Istanbul.<\/figcaption><\/figure>\n<\/figure>\n\n\n\n<div style=\"height:155px\" aria-hidden=\"true\" class=\"wp-block-spacer\"><\/div>\n\n\n\n<div class=\"wp-block-cover alignfull\" style=\"min-height:739px;aspect-ratio:unset;\"><span aria-hidden=\"true\" class=\"wp-block-cover__background has-background-dim-60 has-background-dim\" style=\"background-color:#6d0707\"><\/span><img loading=\"lazy\" decoding=\"async\" width=\"2560\" height=\"1672\" class=\"wp-block-cover__image-background wp-image-56\" alt=\"\" src=\"https:\/\/www.tunecare.eu\/wp-content\/uploads\/2022\/08\/bruno-aguirre-uLMEcr1O-1I-unsplash-scaled.jpg\" style=\"object-position:55% 53%\" data-object-fit=\"cover\" data-object-position=\"55% 53%\" srcset=\"https:\/\/www.tunecare.eu\/wp-content\/uploads\/2022\/08\/bruno-aguirre-uLMEcr1O-1I-unsplash-scaled.jpg 2560w, https:\/\/www.tunecare.eu\/wp-content\/uploads\/2022\/08\/bruno-aguirre-uLMEcr1O-1I-unsplash-300x196.jpg 300w, https:\/\/www.tunecare.eu\/wp-content\/uploads\/2022\/08\/bruno-aguirre-uLMEcr1O-1I-unsplash-1024x669.jpg 1024w, https:\/\/www.tunecare.eu\/wp-content\/uploads\/2022\/08\/bruno-aguirre-uLMEcr1O-1I-unsplash-768x502.jpg 768w, https:\/\/www.tunecare.eu\/wp-content\/uploads\/2022\/08\/bruno-aguirre-uLMEcr1O-1I-unsplash-1536x1003.jpg 1536w, https:\/\/www.tunecare.eu\/wp-content\/uploads\/2022\/08\/bruno-aguirre-uLMEcr1O-1I-unsplash-2048x1338.jpg 2048w\" sizes=\"(max-width: 2560px) 100vw, 2560px\" \/><div class=\"wp-block-cover__inner-container is-layout-flow wp-block-cover-is-layout-flow\">\n<div class=\"wp-block-columns alignwide are-vertically-aligned-center is-layout-flex wp-container-core-columns-is-layout-5 wp-block-columns-is-layout-flex\">\n<div class=\"wp-block-column is-vertically-aligned-center is-layout-flow wp-block-column-is-layout-flow\" style=\"flex-basis:50%\">\n<div class=\"wp-block-columns is-layout-flex wp-container-core-columns-is-layout-4 wp-block-columns-is-layout-flex\">\n<div class=\"wp-block-column is-layout-flow wp-block-column-is-layout-flow\" style=\"flex-basis:60%\">\n<h3 class=\"has-text-color has-large-font-size wp-block-heading\" style=\"color:#ffffff\"><strong>Want to <span style=\"text-decoration: underline;\">know more<\/span> about us?<\/strong><\/h3>\n<\/div>\n<\/div>\n\n\n\n<p class=\"has-nv-light-bg-color has-text-color\" style=\"font-size:18px;font-style:normal;font-weight:500\">Uzun y\u0131llar sa\u011fl\u0131k ve bak\u0131m konusundaki deneyimimiz sayesinde d\u00fcnyaca \u00fcnl\u00fc Hollanda Bak\u0131m Sistemi\u2019ne uygun s\u00fcrd\u00fcr\u00fclebilir \u00e7\u00f6z\u00fcmler tasarlamakta ve geli\u015ftirmekteyiz. Bilgi ve birikimlerimiz \u0131\u015f\u0131\u011f\u0131nda, T\u00fcrkiye\u2019de de sizin \u00e7\u00f6z\u00fcm orta\u011f\u0131n\u0131z olmay\u0131 \u00fcmit ediyoruz.<\/p>\n\n\n\n<p class=\"has-nv-light-bg-color has-text-color has-medium-font-size\"><strong>If you are curious to see what we at Tunecare can do for you, we encourage you to contact our founder <a rel=\"noreferrer noopener\" href=\"https:\/\/www.kokon.nl\/en\/about-us\/team\/suleyman-ozbek\" target=\"_blank\">S\u00fcleyman \u00d6zbek<\/a> through e-mail (s.ozbek@kokon.nl) or phone (+31(0)10 411 71 80).<\/strong><\/p>\n<\/div>\n<\/div>\n<\/div><\/div>\n","protected":false},"excerpt":{"rendered":"<p>sa\u011fl\u0131k ve bak\u0131m konusunda geni\u015f bilgi ve deneyimiyle, mimar\u00ee tasar\u0131m, proje geli\u015ftirme, personel e\u011fitimi ve \u00f6\u011fretimi alanlar\u0131nda en uygun \u00e7\u00f6z\u00fcmleri sunarken, birinci s\u0131n\u0131f s\u00fcrd\u00fcr\u00fclebilir ve ekolojik konseptler geli\u015ftirmektedir. About\/Hakk\u0131nda TuneCare is a daughter foundation of Kokon Architecture &amp; Urban Design. Kokon, 80 y\u0131ll\u0131k gelene\u011fi ile Rotterdam\u2019\u0131n k\u00f6kl\u00fc, kurumsalla\u015fm\u0131\u015f ve tan\u0131nm\u0131\u015f b\u00fcrolar\u0131ndan bir tanesidir. Kuruldu\u011fu 1930\u2019lu&hellip;&nbsp;<a href=\"https:\/\/www.tunecare.eu\/?page_id=147\" class=\"\" rel=\"bookmark\">Read More &raquo;<span class=\"screen-reader-text\">Home TR<\/span><\/a><\/p>\n","protected":false},"author":2,"featured_media":0,"parent":0,"menu_order":0,"comment_status":"closed","ping_status":"closed","template":"","meta":{"neve_meta_sidebar":"default","neve_meta_container":"contained","neve_meta_enable_content_width":"off","neve_meta_content_width":77,"neve_meta_title_alignment":"center","neve_meta_author_avatar":"","neve_post_elements_order":"","neve_meta_disable_header":"off","neve_meta_disable_footer":"off","neve_meta_disable_title":"on","footnotes":""},"_links":{"self":[{"href":"https:\/\/www.tunecare.eu\/index.php?rest_route=\/wp\/v2\/pages\/147"}],"collection":[{"href":"https:\/\/www.tunecare.eu\/index.php?rest_route=\/wp\/v2\/pages"}],"about":[{"href":"https:\/\/www.tunecare.eu\/index.php?rest_route=\/wp\/v2\/types\/page"}],"author":[{"embeddable":true,"href":"https:\/\/www.tunecare.eu\/index.php?rest_route=\/wp\/v2\/users\/2"}],"replies":[{"embeddable":true,"href":"https:\/\/www.tunecare.eu\/index.php?rest_route=%2Fwp%2Fv2%2Fcomments&post=147"}],"version-history":[{"count":9,"href":"https:\/\/www.tunecare.eu\/index.php?rest_route=\/wp\/v2\/pages\/147\/revisions"}],"predecessor-version":[{"id":156,"href":"https:\/\/www.tunecare.eu\/index.php?rest_route=\/wp\/v2\/pages\/147\/revisions\/156"}],"wp:attachment":[{"href":"https:\/\/www.tunecare.eu\/index.php?rest_route=%2Fwp%2Fv2%2Fmedia&parent=147"}],"curies":[{"name":"wp","href":"https:\/\/api.w.org\/{rel}","templated":true}]}}